{"id":1452,"date":"2015-07-14T09:37:18","date_gmt":"2015-07-14T08:37:18","guid":{"rendered":"http:\/\/www.btue.de\/?page_id=1452"},"modified":"2015-07-14T09:40:09","modified_gmt":"2015-07-14T08:40:09","slug":"archiv-der-aufgaben-des-bundes-btue","status":"publish","type":"page","link":"https:\/\/www.btue.de\/?page_id=1452","title":{"rendered":"Archiv der Aufgaben des Bundesverband BT\u00dc"},"content":{"rendered":"<p>Informationen zu Aufgaben und zur Geschichte des Bundesverbandes der Bediensteten in der Technischen \u00dcberwachung BT\u00dc finden Sie\u00a0<a href=\"https:\/\/www.btue.de\/wp-content\/uploads\/2013\/02\/Bundesverband.pdf\">hier<\/a> zum download\u00a0 114KB<\/p>\n<h3>Medizinprodukte<\/h3>\n<p>Der BT\u00dc Bundesverband unterst\u00fctzt ausdr\u00fccklich die <a href=\"https:\/\/www.btue.de\/wp-content\/uploads\/2013\/07\/VdT\u00dcV-Stellungnahme.pdf\">VdT\u00dcV<\/a>-Position zum Verordnungsvorschlag \u00fcber Medizinprodukte (KOM 2012\/542). Dieser wurde identisch auch von unseren europ\u00e4ischen Verb\u00e4nden\u00a0<a href=\"https:\/\/www.btue.de\/wp-content\/uploads\/2013\/07\/CEOC_EUROLAB.pdf\">CEOC<\/a> und EUROLAB sowie international von IFIA \u00fcbernommen.<\/p>\n<h3>Betriebssicherheits-Verordnung<\/h3>\n<p>Der BT\u00dc Bundesverbands nimmt <a href=\"https:\/\/www.btue.de\/wp-content\/uploads\/2013\/07\/Stellungnahme-BTUE.pdf\">Stellung<\/a> zur Neufassung der BetrSiVo, dabei werden wir in zentralen Punkten auch vom BBB und <a href=\"https:\/\/www.btue.de\/wp-content\/uploads\/2013\/07\/Stellungnahme-dbb.pdf\">dbb<\/a> unterst\u00fctzt. Ebenso nehmen wir an der Anh\u00f6rung der Verb\u00e4nde am 16.07.2013 beim BMAS teil.<\/p>\n<h3>EU-Richtlinie 2009\/40\/EC<\/h3>\n<p>Der BT\u00dc Bundesverband <a href=\"https:\/\/www.btue.de\/wp-content\/uploads\/2013\/07\/Stellungnahme-zu-AS.pdf\">unterst\u00fctzt<\/a> ausdr\u00fccklich die Position der T\u00dcV S\u00dcD Auto Service und des VdT\u00dcV im Rahmen der \u00dcberarbeitung der EU-Richtlinie 2009\/40\/EC zur Periodischen Fahrzeug\u00fcberwachung (PTI) durch die EU-Kommission.<\/p>\n<h3>Referentenentwurf GPSG<\/h3>\n<p>Der Vorsitzende des Bundesverbandes nimmt Stellung zum Referentenentwurf GPSG vom 19.01.2011. Das Schreiben an das Bundesministerium f\u00fcr Arbeit und Soziales\u00a0<a href=\"https:\/\/www.btue.de\/wp-content\/uploads\/2013\/02\/Stellungnahme_BTUE.pdf\">hier<\/a> zum download\u00a0 32 KB.<\/p>\n<h3>Ger\u00e4te- und Produktsicherheitsrecht (GPSG)<\/h3>\n<p>Wieder einmal hat der BT\u00dc-Bundesverband die Interessen der Technischen \u00dcberwachung bei einem wichtigen Hearing zum Ger\u00e4te- und Produktsicherheitsrecht (GPSG) am 21.02.2011 im Bundesministerium f\u00fcr Arbeit und Soziales in Bonn vertreten. Dieses Gesetz wird auf der Basis von EU-Vorgaben neu abgefasst. Der BT\u00dc-Bundesverband tritt hier, wie in fr\u00fcheren F\u00e4llen, f\u00fcr die berufspolitischen Interessen seiner Mitglieder und Sachverst\u00e4ndigen ein. Er tritt mit den anderen geladenen Verb\u00e4nden (BDI, BDA usw.) aber auch den Gewerkschaften auf. Ver.di ist meist nicht eingeladen, vielmehr vertritt den gesamten Gewerkschaftsblock der DGB. Oftmals sind die Interessen des DGB aber sehr Industrie lastig und gegen die Technische \u00dcberwachung gerichtet.<\/p>\n<p>Der Vorsitzende des Bundesverbandes berichtet im M\u00e4rz 2010 auf dem Delegiertentag in Kelheim. Diesen Bericht finden Sie\u00a0<a href=\"https:\/\/www.btue.de\/wp-content\/uploads\/2013\/02\/Bericht_BV.pdf\">hier<\/a> zum download\u00a0 125KB<\/p>\n<h3>Kostenverordnung der nationalen Akkreditierungsstelle<\/h3>\n<p>Der vorliegende Entwurf der Kostenverordnung bringt nach unserer Meinung aufgrund des strukturellen Konzeptes wohl zus\u00e4tzlichen Aufwand und zus\u00e4tzliche Kosten f\u00fcr alle. Unsere Stellungnahme von 15.12.2009<strong>\u00a0<\/strong><a href=\"https:\/\/www.btue.de\/wp-content\/uploads\/2013\/02\/Kostenverordnung.pdf\">hier<\/a> zum download\u00a0 146KB<\/p>\n<h3>\u201cDeutschen Gesellschaft f\u00fcr Akkreditierung\u201c<\/h3>\n<p>Auf nationaler Ebene existiert ein Konzept einer wirtschaftsgetragenen nationalen Akkreditierungsstelle. Der BT\u00dc-Bundesverband hat als Interessenverband der Bediensteten in der technischen \u00dcberwachung die entsprechenden Schritte zur Europ\u00e4ischen Harmonisierung und weltweiten Anerkennung von Akkreditierungsstellen begr\u00fc\u00dft. Gleichzeitig bekundet er sein Interesse, Gesellschafteranteile in der zuk\u00fcnftigen nationalen Akkreditierungsstelle zu erwerben.<\/p>\n<p>N\u00e4heres ist dem Schreiben des BT\u00dc-Bundesverbandes an den BDI vom 30.09.2008 zu entnehmen:\u00a0<a href=\"https:\/\/www.btue.de\/wp-content\/uploads\/2013\/02\/BTUE_BDI2008-09.pdf\">hier<\/a> zum download\u00a0 59KB<\/p>\n<h3>Informationen zu Aktivit\u00e4ten in Sachen \u201eNew Approach\u201c<\/h3>\n<p>In Br\u00fcssel ist eine Europ\u00e4ische Verordnung zur Akkreditierung und Markt\u00fcberwa\u00adchung in Vorbereitung (Stichwort \u201eNew Approach\u201c), die ganz erhebliche Auswirkungen f\u00fcr die internationale Wettbewerbsf\u00e4higkeit Europ\u00e4ischer Konformit\u00e4tsbewertungs\u00adstellen (Pr\u00fcf-, Inspektions- und Zertifizierungsstellen) hat. Der Bundesverband der Bediensteten der Technischen \u00dcberwachung hat als eine bei der EU bekannte St\u00e4ndevertretung der Pr\u00fcf- Inspektions- und Zertifizierungssachver\u00adst\u00e4ndigen in dieser Angelegenheit klare Forderungen erhoben; es geht schlie\u00dflich auch um Arbeitspl\u00e4tze in diesem Bereich. Dabei wurde ein sinngem\u00e4\u00df gleichlautendes Schreiben an die zust\u00e4ndigen EU-Kommissariate, an ma\u00dfgebliche Mitglieder des Europ\u00e4ischen Parlaments und an das Bundesministerium f\u00fcr Wirtschaft und Technologie (BMWi) gesandt.<\/p>\n<p>Exemplarisch ist hier das letztere Schreiben einsehbar:\u00a0<a href=\"https:\/\/www.btue.de\/wp-content\/uploads\/2013\/02\/Barz.pdf\">hier<\/a> zum download\u00a0 69KB<\/p>\n<p>Auf dieses Schreiben liegt vom BMWi eine Antwort vor:<strong>\u00a0<\/strong><a href=\"https:\/\/www.btue.de\/wp-content\/uploads\/2013\/02\/Antwort_Barz.pdf\">hier<\/a> zum download\u00a0 57KB<\/p>\n<p>Aus dem Europ\u00e4ischen Parlament gibt es dazu die folgende Antwort:\u00a0<a href=\"https:\/\/www.btue.de\/wp-content\/uploads\/2013\/02\/Antwort_Schwab.pdf\">hier<\/a> zum download\u00a0 57KB<\/p>\n<p>Es ist zu hoffen, dass durch diese Aktivit\u00e4ten sowohl bei der CE-Kennzeichnung verbunden mit der weiteren Zul\u00e4ssigkeit von freien Zeichen (der Pr\u00fcforganisationen) als auch bei der Akkreditierung ein Erfolg f\u00fcr unsere Forderungen absehbar ist. Zus\u00e4tzlich gibt es auch dabei noch spezielle Probleme in Griechenland. Auch in dieser Angelegenheit ist die Bundes BT\u00dc aktiv geworden:\u00a0<a href=\"https:\/\/www.btue.de\/wp-content\/uploads\/2013\/02\/Ayral.pdf\">hier<\/a> zum download\u00a0 59KB<\/p>\n<p>Auch hier liegt eine Antwort vom BMWi vor:\u00a0<a href=\"https:\/\/www.btue.de\/wp-content\/uploads\/2013\/02\/Antwort_Barz2.pdf\">hier<\/a> zum download\u00a0 26KB<\/p>\n<p>\u00dcber fr\u00fchere Aktivit\u00e4ten der Bundes BT\u00dc in dieser Angelegenheit \u201eNew Approach\u201c wurde auch beim VdT\u00dcV berichtet.<\/p>\n","protected":false},"excerpt":{"rendered":"<p>Informationen zu Aufgaben und zur Geschichte des Bundesverbandes der Bediensteten in der Technischen \u00dcberwachung BT\u00dc finden Sie\u00a0hier zum download\u00a0 114KB Medizinprodukte Der BT\u00dc Bundesverband unterst\u00fctzt ausdr\u00fccklich die VdT\u00dcV-Position zum Verordnungsvorschlag \u00fcber Medizinprodukte (KOM 2012\/542). Dieser wurde identisch auch von unseren europ\u00e4ischen Verb\u00e4nden\u00a0CEOC und EUROLAB sowie international von IFIA \u00fcbernommen. Betriebssicherheits-Verordnung Der BT\u00dc Bundesverbands nimmt Stellung [&hellip;]<\/p>\n","protected":false},"author":4,"featured_media":0,"parent":419,"menu_order":0,"comment_status":"closed","ping_status":"closed","template":"","meta":{"footnotes":""},"class_list":["post-1452","page","type-page","status-publish","hentry"],"_links":{"self":[{"href":"https:\/\/www.btue.de\/index.php?rest_route=\/wp\/v2\/pages\/1452","targetHints":{"allow":["GET"]}}],"collection":[{"href":"https:\/\/www.btue.de\/index.php?rest_route=\/wp\/v2\/pages"}],"about":[{"href":"https:\/\/www.btue.de\/index.php?rest_route=\/wp\/v2\/types\/page"}],"author":[{"embeddable":true,"href":"https:\/\/www.btue.de\/index.php?rest_route=\/wp\/v2\/users\/4"}],"replies":[{"embeddable":true,"href":"https:\/\/www.btue.de\/index.php?rest_route=%2Fwp%2Fv2%2Fcomments&post=1452"}],"version-history":[{"count":2,"href":"https:\/\/www.btue.de\/index.php?rest_route=\/wp\/v2\/pages\/1452\/revisions"}],"predecessor-version":[{"id":1455,"href":"https:\/\/www.btue.de\/index.php?rest_route=\/wp\/v2\/pages\/1452\/revisions\/1455"}],"up":[{"embeddable":true,"href":"https:\/\/www.btue.de\/index.php?rest_route=\/wp\/v2\/pages\/419"}],"wp:attachment":[{"href":"https:\/\/www.btue.de\/index.php?rest_route=%2Fwp%2Fv2%2Fmedia&parent=1452"}],"curies":[{"name":"wp","href":"https:\/\/api.w.org\/{rel}","templated":true}]}}